{"id":2628,"date":"2024-11-10T09:01:48","date_gmt":"2024-11-10T09:01:48","guid":{"rendered":"https:\/\/www.traslochiroger.it\/servizi-traslochi-bolzano-merano-bressanone"},"modified":"2025-01-21T21:18:51","modified_gmt":"2025-01-21T21:18:51","slug":"umzugsdienstleistungen-bozen-meran-brixen","status":"publish","type":"page","link":"https:\/\/www.traslochiroger.it\/de\/umzugsdienstleistungen-bozen-meran-brixen","title":{"rendered":"Dienstleistungen"},"content":{"rendered":"<div class=\"fusion-fullwidth fullwidth-box fusion-builder-row-1 fusion-flex-container has-pattern-background has-mask-background servizi-cont nonhundred-percent-fullwidth non-hundred-percent-height-scrolling\" style=\"--awb-border-radius-top-left:0px;--awb-border-radius-top-right:0px;--awb-border-radius-bottom-right:0px;--awb-border-radius-bottom-left:0px;--awb-flex-wrap:wrap;\" ><div class=\"fusion-builder-row fusion-row fusion-flex-align-items-stretch fusion-flex-content-wrap\" style=\"max-width:1508px;margin-left: calc(-4% \/ 2 );margin-right: calc(-4% \/ 2 );\"><div class=\"fusion-layout-column fusion_builder_column fusion-builder-column-0 fusion_builder_column_1_1 1_1 fusion-flex-column\" style=\"--awb-bg-size:cover;--awb-width-large:100%;--awb-margin-top-large:0px;--awb-spacing-right-large:1.92%;--awb-margin-bottom-large:20px;--awb-spacing-left-large:1.92%;--awb-width-medium:100%;--awb-order-medium:0;--awb-spacing-right-medium:1.92%;--awb-spacing-left-medium:1.92%;--awb-width-small:100%;--awb-order-small:0;--awb-spacing-right-small:1.92%;--awb-spacing-left-small:1.92%;\"><div class=\"fusion-column-wrapper fusion-column-has-shadow fusion-flex-justify-content-flex-start fusion-content-layout-column\"><div class=\"fusion-blog-shortcode fusion-blog-shortcode-1 fusion-blog-archive fusion-blog-layout-grid-wrapper fusion-blog-infinite fusion-blog-layout-center\" style=\"--grid_separator_color:rgba(224,222,222,0);\"><style type=\"text\/css\">.fusion-blog-shortcode-1 .fusion-blog-layout-grid .fusion-post-grid{padding:20px;}.fusion-blog-shortcode-1 .fusion-posts-container{margin-left: -20px !important; margin-right:-20px !important;}<\/style><div class=\"fusion-posts-container fusion-posts-container-infinite fusion-no-meta-info fusion-blog-rollover fusion-blog-layout-grid fusion-blog-layout-grid-3 isotope\" data-pages=\"1\" data-grid-col-space=\"40\" style=\"margin: -20px -20px 0;min-height:500px;\"><article id=\"blog-1-post-2710\" class=\"fusion-post-grid post-2710 post type-post status-publish format-standard has-post-thumbnail hentry category-dienste-umzuge-bozeno-meran-brixen-bz-suedtirol\">\n<div class=\"fusion-post-wrapper\" style=\"background-color:rgba(255,255,255,0);border:none;\">\n\n\t\t\t<div class=\"fusion-flexslider flexslider fusion-flexslider-loading fusion-post-slideshow\" style=\"border-color:rgba(235,234,234,0);\">\n\t\t<ul class=\"slides\">\n\t\t\t\n\t\t\t\t\t\t\t\t\t\t\t\t\t\t<li><div  class=\"fusion-image-wrapper\" aria-haspopup=\"true\">\n\t\t\t\t<img decoding=\"async\" width=\"2560\" height=\"1440\" src=\"https:\/\/www.traslochiroger.it\/wp-content\/uploads\/trasloco-per-privati-bolzano-merano-bressanone-laives-renon-trasloco-economico-prezzi-alto-adige-sgombero-garage-magazzini-capannoni-1.jpg\" class=\"attachment-full size-full wp-post-image\" alt=\"\" srcset=\"https:\/\/www.traslochiroger.it\/wp-content\/uploads\/trasloco-per-privati-bolzano-merano-bressanone-laives-renon-trasloco-economico-prezzi-alto-adige-sgombero-garage-magazzini-capannoni-1-200x113.jpg 200w, https:\/\/www.traslochiroger.it\/wp-content\/uploads\/trasloco-per-privati-bolzano-merano-bressanone-laives-renon-trasloco-economico-prezzi-alto-adige-sgombero-garage-magazzini-capannoni-1-400x225.jpg 400w, https:\/\/www.traslochiroger.it\/wp-content\/uploads\/trasloco-per-privati-bolzano-merano-bressanone-laives-renon-trasloco-economico-prezzi-alto-adige-sgombero-garage-magazzini-capannoni-1-600x338.jpg 600w, https:\/\/www.traslochiroger.it\/wp-content\/uploads\/trasloco-per-privati-bolzano-merano-bressanone-laives-renon-trasloco-economico-prezzi-alto-adige-sgombero-garage-magazzini-capannoni-1-800x450.jpg 800w, https:\/\/www.traslochiroger.it\/wp-content\/uploads\/trasloco-per-privati-bolzano-merano-bressanone-laives-renon-trasloco-economico-prezzi-alto-adige-sgombero-garage-magazzini-capannoni-1-1200x675.jpg 1200w, https:\/\/www.traslochiroger.it\/wp-content\/uploads\/trasloco-per-privati-bolzano-merano-bressanone-laives-renon-trasloco-economico-prezzi-alto-adige-sgombero-garage-magazzini-capannoni-1.jpg 2560w\" sizes=\"(min-width: 2200px) 100vw, (min-width: 784px) 457px, (min-width: 712px) 685px, (min-width: 640px) 712px, \" \/><div class=\"fusion-rollover\">\n\t<div class=\"fusion-rollover-content\">\n\n\t\t\t\t\t\t\t\t\t\t\t\t\t\t<a class=\"fusion-rollover-link\" href=\"https:\/\/www.traslochiroger.it\/de\/umzug-fuer-privatwohnungen\">Umzug f\u00fcr Privatwohnungen<\/a>\n\t\t\t\n\t\t\t\t\t\t\t\t\t\t\t\t\t\t\n\t\t\t\t\t\t\t\t\n\t\t\t\t\t\t\t\t\t\t\t\t\t<div class=\"fusion-rollover-sep\"><\/div>\n\t\t\t\t\n\t\t\t\t\t\t\t\t\t\t\t\t\t\t\t\t\t\t<a class=\"fusion-rollover-gallery\" href=\"https:\/\/www.traslochiroger.it\/wp-content\/uploads\/trasloco-per-privati-bolzano-merano-bressanone-laives-renon-trasloco-economico-prezzi-alto-adige-sgombero-garage-magazzini-capannoni-1.jpg\" data-id=\"2710\" data-rel=\"iLightbox[gallery]\" data-title=\"trasloco-per-privati-bolzano-merano-bressanone-laives-renon-trasloco-economico-prezzi-alto-adige-sgombero-garage-magazzini-capannoni\" data-caption=\"\">\n\t\t\t\t\t\tGallery\t\t\t\t\t<\/a>\n\t\t\t\t\t\t\t\t\t\t\t\t\t\t\n\t\t\n\t\t\t\t\t\t\t\t\t\t\t\t<h4 class=\"fusion-rollover-title\">\n\t\t\t\t\t<a class=\"fusion-rollover-title-link\" href=\"https:\/\/www.traslochiroger.it\/de\/umzug-fuer-privatwohnungen\">\n\t\t\t\t\t\tUmzug f\u00fcr Privatwohnungen\t\t\t\t\t<\/a>\n\t\t\t\t<\/h4>\n\t\t\t\n\t\t\t\t\t\t\t\t\t\t<div class=\"fusion-rollover-categories\"><a href=\"https:\/\/www.traslochiroger.it\/de\/category\/dienste-umzuge-bozeno-meran-brixen-bz-suedtirol\" rel=\"tag\">Dienste<\/a><\/div>\t\t\t\t\t\n\t\t\n\t\t\t\t\t\t<a class=\"fusion-link-wrapper\" href=\"https:\/\/www.traslochiroger.it\/de\/umzug-fuer-privatwohnungen\" aria-label=\"Umzug f\u00fcr Privatwohnungen\"><\/a>\n\t<\/div>\n<\/div>\n<\/div>\n<\/li>\n\t\t\t\n\t\t\t\n\t\t\t\t\t\t\t\t\t\t\t\t\t\t\t\t\t\t\t\t\t\t\t\t\t\t\t\t\t\t\t\t\t\t\t\t\t\t\t\t\t\t\t\t\t\t\t\t\t\t\t\t\t\t\t\t\t\t\t\t\t\t\t\t\t\t\t\t<\/ul>\n\t<\/div>\n\t<div class=\"fusion-post-content-wrapper\" style=\"padding:30px 25px 20px 25px;\"><div class=\"fusion-post-content post-content\"><h5 class=\"blog-shortcode-post-title entry-title\"><a href=\"https:\/\/www.traslochiroger.it\/de\/umzug-fuer-privatwohnungen\">Umzug f\u00fcr Privatwohnungen<\/a><\/h5><div class=\"fusion-post-content-container\"><\/div><\/div><\/div><div class=\"fusion-clearfix\"><\/div><\/div>\n<\/article>\n<article id=\"blog-1-post-2511\" class=\"fusion-post-grid post-2511 post type-post status-publish format-standard has-post-thumbnail hentry category-dienste-umzuge-bozeno-meran-brixen-bz-suedtirol\">\n<div class=\"fusion-post-wrapper\" style=\"background-color:rgba(255,255,255,0);border:none;\">\n\n\t\t\t<div class=\"fusion-flexslider flexslider fusion-flexslider-loading fusion-post-slideshow\" style=\"border-color:rgba(235,234,234,0);\">\n\t\t<ul class=\"slides\">\n\t\t\t\n\t\t\t\t\t\t\t\t\t\t\t\t\t\t<li><div  class=\"fusion-image-wrapper\" aria-haspopup=\"true\">\n\t\t\t\t<img decoding=\"async\" width=\"2560\" height=\"1440\" src=\"https:\/\/www.traslochiroger.it\/wp-content\/uploads\/trasloco-per-aziende-bolzano-merano-bressanone-laives-renon-trasloco-economico-prezzi-alto-adige-sgombero-garage-magazzini-capannoni.jpg\" class=\"attachment-full size-full wp-post-image\" alt=\"\" srcset=\"https:\/\/www.traslochiroger.it\/wp-content\/uploads\/trasloco-per-aziende-bolzano-merano-bressanone-laives-renon-trasloco-economico-prezzi-alto-adige-sgombero-garage-magazzini-capannoni-200x113.jpg 200w, https:\/\/www.traslochiroger.it\/wp-content\/uploads\/trasloco-per-aziende-bolzano-merano-bressanone-laives-renon-trasloco-economico-prezzi-alto-adige-sgombero-garage-magazzini-capannoni-400x225.jpg 400w, https:\/\/www.traslochiroger.it\/wp-content\/uploads\/trasloco-per-aziende-bolzano-merano-bressanone-laives-renon-trasloco-economico-prezzi-alto-adige-sgombero-garage-magazzini-capannoni-600x338.jpg 600w, https:\/\/www.traslochiroger.it\/wp-content\/uploads\/trasloco-per-aziende-bolzano-merano-bressanone-laives-renon-trasloco-economico-prezzi-alto-adige-sgombero-garage-magazzini-capannoni-800x450.jpg 800w, https:\/\/www.traslochiroger.it\/wp-content\/uploads\/trasloco-per-aziende-bolzano-merano-bressanone-laives-renon-trasloco-economico-prezzi-alto-adige-sgombero-garage-magazzini-capannoni-1200x675.jpg 1200w, https:\/\/www.traslochiroger.it\/wp-content\/uploads\/trasloco-per-aziende-bolzano-merano-bressanone-laives-renon-trasloco-economico-prezzi-alto-adige-sgombero-garage-magazzini-capannoni.jpg 2560w\" sizes=\"(min-width: 2200px) 100vw, (min-width: 784px) 457px, (min-width: 712px) 685px, (min-width: 640px) 712px, \" \/><div class=\"fusion-rollover\">\n\t<div class=\"fusion-rollover-content\">\n\n\t\t\t\t\t\t\t\t\t\t\t\t\t\t<a class=\"fusion-rollover-link\" href=\"https:\/\/www.traslochiroger.it\/de\/unternehmensumzuege-bozen-banken-messen-meran-geschaefte-bueros-brixen-bester-online-preis-bz-suedtirol-oeffentliche-einrichtungen\">Firmenumzug<\/a>\n\t\t\t\n\t\t\t\t\t\t\t\t\t\t\t\t\t\t\n\t\t\t\t\t\t\t\t\n\t\t\t\t\t\t\t\t\t\t\t\t\t<div class=\"fusion-rollover-sep\"><\/div>\n\t\t\t\t\n\t\t\t\t\t\t\t\t\t\t\t\t\t\t\t\t\t\t<a class=\"fusion-rollover-gallery\" href=\"https:\/\/www.traslochiroger.it\/wp-content\/uploads\/trasloco-per-aziende-bolzano-merano-bressanone-laives-renon-trasloco-economico-prezzi-alto-adige-sgombero-garage-magazzini-capannoni.jpg\" data-id=\"2511\" data-rel=\"iLightbox[gallery]\" data-title=\"trasloco-per-aziende-bolzano-merano-bressanone-laives-renon-trasloco-economico-prezzi-alto-adige-sgombero-garage-magazzini-capannoni\" data-caption=\"\">\n\t\t\t\t\t\tGallery\t\t\t\t\t<\/a>\n\t\t\t\t\t\t\t\t\t\t\t\t\t\t\n\t\t\n\t\t\t\t\t\t\t\t\t\t\t\t<h4 class=\"fusion-rollover-title\">\n\t\t\t\t\t<a class=\"fusion-rollover-title-link\" href=\"https:\/\/www.traslochiroger.it\/de\/unternehmensumzuege-bozen-banken-messen-meran-geschaefte-bueros-brixen-bester-online-preis-bz-suedtirol-oeffentliche-einrichtungen\">\n\t\t\t\t\t\tFirmenumzug\t\t\t\t\t<\/a>\n\t\t\t\t<\/h4>\n\t\t\t\n\t\t\t\t\t\t\t\t\t\t<div class=\"fusion-rollover-categories\"><a href=\"https:\/\/www.traslochiroger.it\/de\/category\/dienste-umzuge-bozeno-meran-brixen-bz-suedtirol\" rel=\"tag\">Dienste<\/a><\/div>\t\t\t\t\t\n\t\t\n\t\t\t\t\t\t<a class=\"fusion-link-wrapper\" href=\"https:\/\/www.traslochiroger.it\/de\/unternehmensumzuege-bozen-banken-messen-meran-geschaefte-bueros-brixen-bester-online-preis-bz-suedtirol-oeffentliche-einrichtungen\" aria-label=\"Firmenumzug\"><\/a>\n\t<\/div>\n<\/div>\n<\/div>\n<\/li>\n\t\t\t\n\t\t\t\n\t\t\t\t\t\t\t\t\t\t\t\t\t\t\t\t\t\t\t\t\t\t\t\t\t\t\t\t\t\t\t\t\t\t\t\t\t\t\t\t\t\t\t\t\t\t\t\t\t\t\t\t\t\t\t\t\t\t\t\t\t\t\t\t\t\t\t\t<\/ul>\n\t<\/div>\n\t<div class=\"fusion-post-content-wrapper\" style=\"padding:30px 25px 20px 25px;\"><div class=\"fusion-post-content post-content\"><h5 class=\"blog-shortcode-post-title entry-title\"><a href=\"https:\/\/www.traslochiroger.it\/de\/unternehmensumzuege-bozen-banken-messen-meran-geschaefte-bueros-brixen-bester-online-preis-bz-suedtirol-oeffentliche-einrichtungen\">Firmenumzug<\/a><\/h5><div class=\"fusion-post-content-container\"><\/div><\/div><\/div><div class=\"fusion-clearfix\"><\/div><\/div>\n<\/article>\n<article id=\"blog-1-post-2516\" class=\"fusion-post-grid post-2516 post type-post status-publish format-standard has-post-thumbnail hentry category-dienste-umzuge-bozeno-meran-brixen-bz-suedtirol\">\n<div class=\"fusion-post-wrapper\" style=\"background-color:rgba(255,255,255,0);border:none;\">\n\n\t\t\t<div class=\"fusion-flexslider flexslider fusion-flexslider-loading fusion-post-slideshow\" style=\"border-color:rgba(235,234,234,0);\">\n\t\t<ul class=\"slides\">\n\t\t\t\n\t\t\t\t\t\t\t\t\t\t\t\t\t\t<li><div  class=\"fusion-image-wrapper\" aria-haspopup=\"true\">\n\t\t\t\t<img decoding=\"async\" width=\"2560\" height=\"1440\" src=\"https:\/\/www.traslochiroger.it\/wp-content\/uploads\/trasloco-per-uffici-bolzano-merano-bressanone-laives-renon-trasloco-economico-prezzi-alto-adige-sgombero-garage-magazzini-capannoni-1.jpg\" class=\"attachment-full size-full wp-post-image\" alt=\"\" srcset=\"https:\/\/www.traslochiroger.it\/wp-content\/uploads\/trasloco-per-uffici-bolzano-merano-bressanone-laives-renon-trasloco-economico-prezzi-alto-adige-sgombero-garage-magazzini-capannoni-1-200x113.jpg 200w, https:\/\/www.traslochiroger.it\/wp-content\/uploads\/trasloco-per-uffici-bolzano-merano-bressanone-laives-renon-trasloco-economico-prezzi-alto-adige-sgombero-garage-magazzini-capannoni-1-400x225.jpg 400w, https:\/\/www.traslochiroger.it\/wp-content\/uploads\/trasloco-per-uffici-bolzano-merano-bressanone-laives-renon-trasloco-economico-prezzi-alto-adige-sgombero-garage-magazzini-capannoni-1-600x338.jpg 600w, https:\/\/www.traslochiroger.it\/wp-content\/uploads\/trasloco-per-uffici-bolzano-merano-bressanone-laives-renon-trasloco-economico-prezzi-alto-adige-sgombero-garage-magazzini-capannoni-1-800x450.jpg 800w, https:\/\/www.traslochiroger.it\/wp-content\/uploads\/trasloco-per-uffici-bolzano-merano-bressanone-laives-renon-trasloco-economico-prezzi-alto-adige-sgombero-garage-magazzini-capannoni-1-1200x675.jpg 1200w, https:\/\/www.traslochiroger.it\/wp-content\/uploads\/trasloco-per-uffici-bolzano-merano-bressanone-laives-renon-trasloco-economico-prezzi-alto-adige-sgombero-garage-magazzini-capannoni-1.jpg 2560w\" sizes=\"(min-width: 2200px) 100vw, (min-width: 784px) 457px, (min-width: 712px) 685px, (min-width: 640px) 712px, \" \/><div class=\"fusion-rollover\">\n\t<div class=\"fusion-rollover-content\">\n\n\t\t\t\t\t\t\t\t\t\t\t\t\t\t<a class=\"fusion-rollover-link\" href=\"https:\/\/www.traslochiroger.it\/de\/bueroumzug\">B\u00fcroumzug<\/a>\n\t\t\t\n\t\t\t\t\t\t\t\t\t\t\t\t\t\t\n\t\t\t\t\t\t\t\t\n\t\t\t\t\t\t\t\t\t\t\t\t\t<div class=\"fusion-rollover-sep\"><\/div>\n\t\t\t\t\n\t\t\t\t\t\t\t\t\t\t\t\t\t\t\t\t\t\t<a class=\"fusion-rollover-gallery\" href=\"https:\/\/www.traslochiroger.it\/wp-content\/uploads\/trasloco-per-uffici-bolzano-merano-bressanone-laives-renon-trasloco-economico-prezzi-alto-adige-sgombero-garage-magazzini-capannoni-1.jpg\" data-id=\"2516\" data-rel=\"iLightbox[gallery]\" data-title=\"trasloco-per-uffici-bolzano-merano-bressanone-laives-renon-trasloco-economico-prezzi-alto-adige-sgombero-garage-magazzini-capannoni\" data-caption=\"\">\n\t\t\t\t\t\tGallery\t\t\t\t\t<\/a>\n\t\t\t\t\t\t\t\t\t\t\t\t\t\t\n\t\t\n\t\t\t\t\t\t\t\t\t\t\t\t<h4 class=\"fusion-rollover-title\">\n\t\t\t\t\t<a class=\"fusion-rollover-title-link\" href=\"https:\/\/www.traslochiroger.it\/de\/bueroumzug\">\n\t\t\t\t\t\tB\u00fcroumzug\t\t\t\t\t<\/a>\n\t\t\t\t<\/h4>\n\t\t\t\n\t\t\t\t\t\t\t\t\t\t<div class=\"fusion-rollover-categories\"><a href=\"https:\/\/www.traslochiroger.it\/de\/category\/dienste-umzuge-bozeno-meran-brixen-bz-suedtirol\" rel=\"tag\">Dienste<\/a><\/div>\t\t\t\t\t\n\t\t\n\t\t\t\t\t\t<a class=\"fusion-link-wrapper\" href=\"https:\/\/www.traslochiroger.it\/de\/bueroumzug\" aria-label=\"B\u00fcroumzug\"><\/a>\n\t<\/div>\n<\/div>\n<\/div>\n<\/li>\n\t\t\t\n\t\t\t\n\t\t\t\t\t\t\t\t\t\t\t\t\t\t\t\t\t\t\t\t\t\t\t\t\t\t\t\t\t\t\t\t\t\t\t\t\t\t\t\t\t\t\t\t\t\t\t\t\t\t\t\t\t\t\t\t\t\t\t\t\t\t\t\t\t\t\t\t<\/ul>\n\t<\/div>\n\t<div class=\"fusion-post-content-wrapper\" style=\"padding:30px 25px 20px 25px;\"><div class=\"fusion-post-content post-content\"><h5 class=\"blog-shortcode-post-title entry-title\"><a href=\"https:\/\/www.traslochiroger.it\/de\/bueroumzug\">B\u00fcroumzug<\/a><\/h5><div class=\"fusion-post-content-container\"><\/div><\/div><\/div><div class=\"fusion-clearfix\"><\/div><\/div>\n<\/article>\n<article id=\"blog-1-post-2523\" class=\"fusion-post-grid post-2523 post type-post status-publish format-standard has-post-thumbnail hentry category-dienste-umzuge-bozeno-meran-brixen-bz-suedtirol\">\n<div class=\"fusion-post-wrapper\" style=\"background-color:rgba(255,255,255,0);border:none;\">\n\n\t\t\t<div class=\"fusion-flexslider flexslider fusion-flexslider-loading fusion-post-slideshow\" style=\"border-color:rgba(235,234,234,0);\">\n\t\t<ul class=\"slides\">\n\t\t\t\n\t\t\t\t\t\t\t\t\t\t\t\t\t\t<li><div  class=\"fusion-image-wrapper\" aria-haspopup=\"true\">\n\t\t\t\t<img decoding=\"async\" width=\"2560\" height=\"1440\" src=\"https:\/\/www.traslochiroger.it\/wp-content\/uploads\/fornitura-materiale-imballaggio-trasloco-bolzano-merano-bressanone-laives-renon-trasloco-economico-prezzi-alto-adige-sgombero-garage-magazzini-capannoni-1.jpg\" class=\"attachment-full size-full wp-post-image\" alt=\"\" srcset=\"https:\/\/www.traslochiroger.it\/wp-content\/uploads\/fornitura-materiale-imballaggio-trasloco-bolzano-merano-bressanone-laives-renon-trasloco-economico-prezzi-alto-adige-sgombero-garage-magazzini-capannoni-1-200x113.jpg 200w, https:\/\/www.traslochiroger.it\/wp-content\/uploads\/fornitura-materiale-imballaggio-trasloco-bolzano-merano-bressanone-laives-renon-trasloco-economico-prezzi-alto-adige-sgombero-garage-magazzini-capannoni-1-400x225.jpg 400w, https:\/\/www.traslochiroger.it\/wp-content\/uploads\/fornitura-materiale-imballaggio-trasloco-bolzano-merano-bressanone-laives-renon-trasloco-economico-prezzi-alto-adige-sgombero-garage-magazzini-capannoni-1-600x338.jpg 600w, https:\/\/www.traslochiroger.it\/wp-content\/uploads\/fornitura-materiale-imballaggio-trasloco-bolzano-merano-bressanone-laives-renon-trasloco-economico-prezzi-alto-adige-sgombero-garage-magazzini-capannoni-1-800x450.jpg 800w, https:\/\/www.traslochiroger.it\/wp-content\/uploads\/fornitura-materiale-imballaggio-trasloco-bolzano-merano-bressanone-laives-renon-trasloco-economico-prezzi-alto-adige-sgombero-garage-magazzini-capannoni-1-1200x675.jpg 1200w, https:\/\/www.traslochiroger.it\/wp-content\/uploads\/fornitura-materiale-imballaggio-trasloco-bolzano-merano-bressanone-laives-renon-trasloco-economico-prezzi-alto-adige-sgombero-garage-magazzini-capannoni-1.jpg 2560w\" sizes=\"(min-width: 2200px) 100vw, (min-width: 784px) 457px, (min-width: 712px) 685px, (min-width: 640px) 712px, \" \/><div class=\"fusion-rollover\">\n\t<div class=\"fusion-rollover-content\">\n\n\t\t\t\t\t\t\t\t\t\t\t\t\t\t<a class=\"fusion-rollover-link\" href=\"https:\/\/www.traslochiroger.it\/de\/bereitstellung-von-verpackungsmaterial\">Bereitstellung von Verpackungsmaterial<\/a>\n\t\t\t\n\t\t\t\t\t\t\t\t\t\t\t\t\t\t\n\t\t\t\t\t\t\t\t\n\t\t\t\t\t\t\t\t\t\t\t\t\t<div class=\"fusion-rollover-sep\"><\/div>\n\t\t\t\t\n\t\t\t\t\t\t\t\t\t\t\t\t\t\t\t\t\t\t<a class=\"fusion-rollover-gallery\" href=\"https:\/\/www.traslochiroger.it\/wp-content\/uploads\/fornitura-materiale-imballaggio-trasloco-bolzano-merano-bressanone-laives-renon-trasloco-economico-prezzi-alto-adige-sgombero-garage-magazzini-capannoni-1.jpg\" data-id=\"2523\" data-rel=\"iLightbox[gallery]\" data-title=\"fornitura-materiale-imballaggio-trasloco-bolzano-merano-bressanone-laives-renon-trasloco-economico-prezzi-alto-adige-sgombero-garage-magazzini-capannoni\" data-caption=\"\">\n\t\t\t\t\t\tGallery\t\t\t\t\t<\/a>\n\t\t\t\t\t\t\t\t\t\t\t\t\t\t\n\t\t\n\t\t\t\t\t\t\t\t\t\t\t\t<h4 class=\"fusion-rollover-title\">\n\t\t\t\t\t<a class=\"fusion-rollover-title-link\" href=\"https:\/\/www.traslochiroger.it\/de\/bereitstellung-von-verpackungsmaterial\">\n\t\t\t\t\t\tBereitstellung von Verpackungsmaterial\t\t\t\t\t<\/a>\n\t\t\t\t<\/h4>\n\t\t\t\n\t\t\t\t\t\t\t\t\t\t<div class=\"fusion-rollover-categories\"><a href=\"https:\/\/www.traslochiroger.it\/de\/category\/dienste-umzuge-bozeno-meran-brixen-bz-suedtirol\" rel=\"tag\">Dienste<\/a><\/div>\t\t\t\t\t\n\t\t\n\t\t\t\t\t\t<a class=\"fusion-link-wrapper\" href=\"https:\/\/www.traslochiroger.it\/de\/bereitstellung-von-verpackungsmaterial\" aria-label=\"Bereitstellung von Verpackungsmaterial\"><\/a>\n\t<\/div>\n<\/div>\n<\/div>\n<\/li>\n\t\t\t\n\t\t\t\n\t\t\t\t\t\t\t\t\t\t\t\t\t\t\t\t\t\t\t\t\t\t\t\t\t\t\t\t\t\t\t\t\t\t\t\t\t\t\t\t\t\t\t\t\t\t\t\t\t\t\t\t\t\t\t\t\t\t\t\t\t\t\t\t\t\t\t\t<\/ul>\n\t<\/div>\n\t<div class=\"fusion-post-content-wrapper\" style=\"padding:30px 25px 20px 25px;\"><div class=\"fusion-post-content post-content\"><h5 class=\"blog-shortcode-post-title entry-title\"><a href=\"https:\/\/www.traslochiroger.it\/de\/bereitstellung-von-verpackungsmaterial\">Bereitstellung von Verpackungsmaterial<\/a><\/h5><div class=\"fusion-post-content-container\"><\/div><\/div><\/div><div class=\"fusion-clearfix\"><\/div><\/div>\n<\/article>\n<article id=\"blog-1-post-2543\" class=\"fusion-post-grid post-2543 post type-post status-publish format-standard has-post-thumbnail hentry category-dienste-umzuge-bozeno-meran-brixen-bz-suedtirol\">\n<div class=\"fusion-post-wrapper\" style=\"background-color:rgba(255,255,255,0);border:none;\">\n\n\t\t\t<div class=\"fusion-flexslider flexslider fusion-flexslider-loading fusion-post-slideshow\" style=\"border-color:rgba(235,234,234,0);\">\n\t\t<ul class=\"slides\">\n\t\t\t\n\t\t\t\t\t\t\t\t\t\t\t\t\t\t<li><div  class=\"fusion-image-wrapper\" aria-haspopup=\"true\">\n\t\t\t\t<img decoding=\"async\" width=\"2560\" height=\"1440\" src=\"https:\/\/www.traslochiroger.it\/wp-content\/uploads\/servizio-smontaggio-rimontaggio-trasloco-bolzano-merano-bressanone-laives-renon-trasloco-economico-prezzi-alto-adige-sgombero-garage-magazzini-capannoni.jpg\" class=\"attachment-full size-full wp-post-image\" alt=\"\" srcset=\"https:\/\/www.traslochiroger.it\/wp-content\/uploads\/servizio-smontaggio-rimontaggio-trasloco-bolzano-merano-bressanone-laives-renon-trasloco-economico-prezzi-alto-adige-sgombero-garage-magazzini-capannoni-200x113.jpg 200w, https:\/\/www.traslochiroger.it\/wp-content\/uploads\/servizio-smontaggio-rimontaggio-trasloco-bolzano-merano-bressanone-laives-renon-trasloco-economico-prezzi-alto-adige-sgombero-garage-magazzini-capannoni-400x225.jpg 400w, https:\/\/www.traslochiroger.it\/wp-content\/uploads\/servizio-smontaggio-rimontaggio-trasloco-bolzano-merano-bressanone-laives-renon-trasloco-economico-prezzi-alto-adige-sgombero-garage-magazzini-capannoni-600x338.jpg 600w, https:\/\/www.traslochiroger.it\/wp-content\/uploads\/servizio-smontaggio-rimontaggio-trasloco-bolzano-merano-bressanone-laives-renon-trasloco-economico-prezzi-alto-adige-sgombero-garage-magazzini-capannoni-800x450.jpg 800w, https:\/\/www.traslochiroger.it\/wp-content\/uploads\/servizio-smontaggio-rimontaggio-trasloco-bolzano-merano-bressanone-laives-renon-trasloco-economico-prezzi-alto-adige-sgombero-garage-magazzini-capannoni-1200x675.jpg 1200w, https:\/\/www.traslochiroger.it\/wp-content\/uploads\/servizio-smontaggio-rimontaggio-trasloco-bolzano-merano-bressanone-laives-renon-trasloco-economico-prezzi-alto-adige-sgombero-garage-magazzini-capannoni.jpg 2560w\" sizes=\"(min-width: 2200px) 100vw, (min-width: 784px) 457px, (min-width: 712px) 685px, (min-width: 640px) 712px, \" \/><div class=\"fusion-rollover\">\n\t<div class=\"fusion-rollover-content\">\n\n\t\t\t\t\t\t\t\t\t\t\t\t\t\t<a class=\"fusion-rollover-link\" href=\"https:\/\/www.traslochiroger.it\/de\/demontage-und-montageservice\">Demontage- und Montageservice<\/a>\n\t\t\t\n\t\t\t\t\t\t\t\t\t\t\t\t\t\t\n\t\t\t\t\t\t\t\t\n\t\t\t\t\t\t\t\t\t\t\t\t\t<div class=\"fusion-rollover-sep\"><\/div>\n\t\t\t\t\n\t\t\t\t\t\t\t\t\t\t\t\t\t\t\t\t\t\t<a class=\"fusion-rollover-gallery\" href=\"https:\/\/www.traslochiroger.it\/wp-content\/uploads\/servizio-smontaggio-rimontaggio-trasloco-bolzano-merano-bressanone-laives-renon-trasloco-economico-prezzi-alto-adige-sgombero-garage-magazzini-capannoni.jpg\" data-id=\"2543\" data-rel=\"iLightbox[gallery]\" data-title=\"servizio-smontaggio-rimontaggio-trasloco-bolzano-merano-bressanone-laives-renon-trasloco-economico-prezzi-alto-adige-sgombero-garage-magazzini-capannoni\" data-caption=\"\">\n\t\t\t\t\t\tGallery\t\t\t\t\t<\/a>\n\t\t\t\t\t\t\t\t\t\t\t\t\t\t\n\t\t\n\t\t\t\t\t\t\t\t\t\t\t\t<h4 class=\"fusion-rollover-title\">\n\t\t\t\t\t<a class=\"fusion-rollover-title-link\" href=\"https:\/\/www.traslochiroger.it\/de\/demontage-und-montageservice\">\n\t\t\t\t\t\tDemontage- und Montageservice\t\t\t\t\t<\/a>\n\t\t\t\t<\/h4>\n\t\t\t\n\t\t\t\t\t\t\t\t\t\t<div class=\"fusion-rollover-categories\"><a href=\"https:\/\/www.traslochiroger.it\/de\/category\/dienste-umzuge-bozeno-meran-brixen-bz-suedtirol\" rel=\"tag\">Dienste<\/a><\/div>\t\t\t\t\t\n\t\t\n\t\t\t\t\t\t<a class=\"fusion-link-wrapper\" href=\"https:\/\/www.traslochiroger.it\/de\/demontage-und-montageservice\" aria-label=\"Demontage- und Montageservice\"><\/a>\n\t<\/div>\n<\/div>\n<\/div>\n<\/li>\n\t\t\t\n\t\t\t\n\t\t\t\t\t\t\t\t\t\t\t\t\t\t\t\t\t\t\t\t\t\t\t\t\t\t\t\t\t\t\t\t\t\t\t\t\t\t\t\t\t\t\t\t\t\t\t\t\t\t\t\t\t\t\t\t\t\t\t\t\t\t\t\t\t\t\t\t<\/ul>\n\t<\/div>\n\t<div class=\"fusion-post-content-wrapper\" style=\"padding:30px 25px 20px 25px;\"><div class=\"fusion-post-content post-content\"><h5 class=\"blog-shortcode-post-title entry-title\"><a href=\"https:\/\/www.traslochiroger.it\/de\/demontage-und-montageservice\">Demontage- und Montageservice<\/a><\/h5><div class=\"fusion-post-content-container\"><\/div><\/div><\/div><div class=\"fusion-clearfix\"><\/div><\/div>\n<\/article>\n<article id=\"blog-1-post-2520\" class=\"fusion-post-grid post-2520 post type-post status-publish format-standard has-post-thumbnail hentry category-dienste-umzuge-bozeno-meran-brixen-bz-suedtirol\">\n<div class=\"fusion-post-wrapper\" style=\"background-color:rgba(255,255,255,0);border:none;\">\n\n\t\t\t<div class=\"fusion-flexslider flexslider fusion-flexslider-loading fusion-post-slideshow\" style=\"border-color:rgba(235,234,234,0);\">\n\t\t<ul class=\"slides\">\n\t\t\t\n\t\t\t\t\t\t\t\t\t\t\t\t\t\t<li><div  class=\"fusion-image-wrapper\" aria-haspopup=\"true\">\n\t\t\t\t<img decoding=\"async\" width=\"2560\" height=\"1440\" src=\"https:\/\/www.traslochiroger.it\/wp-content\/uploads\/traslochi-nazionali-internazionali-bolzano-merano-bressanone-laives-renon-trasloco-economico-prezzi-alto-adige-sgombero-garage-magazzini-capannoni-1.jpg\" class=\"attachment-full size-full wp-post-image\" alt=\"\" srcset=\"https:\/\/www.traslochiroger.it\/wp-content\/uploads\/traslochi-nazionali-internazionali-bolzano-merano-bressanone-laives-renon-trasloco-economico-prezzi-alto-adige-sgombero-garage-magazzini-capannoni-1-200x113.jpg 200w, https:\/\/www.traslochiroger.it\/wp-content\/uploads\/traslochi-nazionali-internazionali-bolzano-merano-bressanone-laives-renon-trasloco-economico-prezzi-alto-adige-sgombero-garage-magazzini-capannoni-1-400x225.jpg 400w, https:\/\/www.traslochiroger.it\/wp-content\/uploads\/traslochi-nazionali-internazionali-bolzano-merano-bressanone-laives-renon-trasloco-economico-prezzi-alto-adige-sgombero-garage-magazzini-capannoni-1-600x338.jpg 600w, https:\/\/www.traslochiroger.it\/wp-content\/uploads\/traslochi-nazionali-internazionali-bolzano-merano-bressanone-laives-renon-trasloco-economico-prezzi-alto-adige-sgombero-garage-magazzini-capannoni-1-800x450.jpg 800w, https:\/\/www.traslochiroger.it\/wp-content\/uploads\/traslochi-nazionali-internazionali-bolzano-merano-bressanone-laives-renon-trasloco-economico-prezzi-alto-adige-sgombero-garage-magazzini-capannoni-1-1200x675.jpg 1200w, https:\/\/www.traslochiroger.it\/wp-content\/uploads\/traslochi-nazionali-internazionali-bolzano-merano-bressanone-laives-renon-trasloco-economico-prezzi-alto-adige-sgombero-garage-magazzini-capannoni-1.jpg 2560w\" sizes=\"(min-width: 2200px) 100vw, (min-width: 784px) 457px, (min-width: 712px) 685px, (min-width: 640px) 712px, \" \/><div class=\"fusion-rollover\">\n\t<div class=\"fusion-rollover-content\">\n\n\t\t\t\t\t\t\t\t\t\t\t\t\t\t<a class=\"fusion-rollover-link\" href=\"https:\/\/www.traslochiroger.it\/de\/nationale-und-internationale-umzuege\">Nationale und internationale Umz\u00fcge<\/a>\n\t\t\t\n\t\t\t\t\t\t\t\t\t\t\t\t\t\t\n\t\t\t\t\t\t\t\t\n\t\t\t\t\t\t\t\t\t\t\t\t\t<div class=\"fusion-rollover-sep\"><\/div>\n\t\t\t\t\n\t\t\t\t\t\t\t\t\t\t\t\t\t\t\t\t\t\t<a class=\"fusion-rollover-gallery\" href=\"https:\/\/www.traslochiroger.it\/wp-content\/uploads\/traslochi-nazionali-internazionali-bolzano-merano-bressanone-laives-renon-trasloco-economico-prezzi-alto-adige-sgombero-garage-magazzini-capannoni-1.jpg\" data-id=\"2520\" data-rel=\"iLightbox[gallery]\" data-title=\"traslochi-nazionali-internazionali-bolzano-merano-bressanone-laives-renon-trasloco-economico-prezzi-alto-adige-sgombero-garage-magazzini-capannoni\" data-caption=\"\">\n\t\t\t\t\t\tGallery\t\t\t\t\t<\/a>\n\t\t\t\t\t\t\t\t\t\t\t\t\t\t\n\t\t\n\t\t\t\t\t\t\t\t\t\t\t\t<h4 class=\"fusion-rollover-title\">\n\t\t\t\t\t<a class=\"fusion-rollover-title-link\" href=\"https:\/\/www.traslochiroger.it\/de\/nationale-und-internationale-umzuege\">\n\t\t\t\t\t\tNationale und internationale Umz\u00fcge\t\t\t\t\t<\/a>\n\t\t\t\t<\/h4>\n\t\t\t\n\t\t\t\t\t\t\t\t\t\t<div class=\"fusion-rollover-categories\"><a href=\"https:\/\/www.traslochiroger.it\/de\/category\/dienste-umzuge-bozeno-meran-brixen-bz-suedtirol\" rel=\"tag\">Dienste<\/a><\/div>\t\t\t\t\t\n\t\t\n\t\t\t\t\t\t<a class=\"fusion-link-wrapper\" href=\"https:\/\/www.traslochiroger.it\/de\/nationale-und-internationale-umzuege\" aria-label=\"Nationale und internationale Umz\u00fcge\"><\/a>\n\t<\/div>\n<\/div>\n<\/div>\n<\/li>\n\t\t\t\n\t\t\t\n\t\t\t\t\t\t\t\t\t\t\t\t\t\t\t\t\t\t\t\t\t\t\t\t\t\t\t\t\t\t\t\t\t\t\t\t\t\t\t\t\t\t\t\t\t\t\t\t\t\t\t\t\t\t\t\t\t\t\t\t\t\t\t\t\t\t\t\t<\/ul>\n\t<\/div>\n\t<div class=\"fusion-post-content-wrapper\" style=\"padding:30px 25px 20px 25px;\"><div class=\"fusion-post-content post-content\"><h5 class=\"blog-shortcode-post-title entry-title\"><a href=\"https:\/\/www.traslochiroger.it\/de\/nationale-und-internationale-umzuege\">Nationale und internationale Umz\u00fcge<\/a><\/h5><div class=\"fusion-post-content-container\"><\/div><\/div><\/div><div class=\"fusion-clearfix\"><\/div><\/div>\n<\/article>\n<article id=\"blog-1-post-2539\" class=\"fusion-post-grid post-2539 post type-post status-publish format-standard has-post-thumbnail hentry category-dienste-umzuge-bozeno-meran-brixen-bz-suedtirol\">\n<div class=\"fusion-post-wrapper\" style=\"background-color:rgba(255,255,255,0);border:none;\">\n\n\t\t\t<div class=\"fusion-flexslider flexslider fusion-flexslider-loading fusion-post-slideshow\" style=\"border-color:rgba(235,234,234,0);\">\n\t\t<ul class=\"slides\">\n\t\t\t\n\t\t\t\t\t\t\t\t\t\t\t\t\t\t<li><div  class=\"fusion-image-wrapper\" aria-haspopup=\"true\">\n\t\t\t\t<img decoding=\"async\" width=\"2560\" height=\"1440\" src=\"https:\/\/www.traslochiroger.it\/wp-content\/uploads\/deposito-custodia-trasloco-bolzano-merano-bressanone-laives-renon-trasloco-economico-prezzi-alto-adige-sgombero-garage-magazzini-capannoni.jpg\" class=\"attachment-full size-full wp-post-image\" alt=\"\" srcset=\"https:\/\/www.traslochiroger.it\/wp-content\/uploads\/deposito-custodia-trasloco-bolzano-merano-bressanone-laives-renon-trasloco-economico-prezzi-alto-adige-sgombero-garage-magazzini-capannoni-200x113.jpg 200w, https:\/\/www.traslochiroger.it\/wp-content\/uploads\/deposito-custodia-trasloco-bolzano-merano-bressanone-laives-renon-trasloco-economico-prezzi-alto-adige-sgombero-garage-magazzini-capannoni-400x225.jpg 400w, https:\/\/www.traslochiroger.it\/wp-content\/uploads\/deposito-custodia-trasloco-bolzano-merano-bressanone-laives-renon-trasloco-economico-prezzi-alto-adige-sgombero-garage-magazzini-capannoni-600x338.jpg 600w, https:\/\/www.traslochiroger.it\/wp-content\/uploads\/deposito-custodia-trasloco-bolzano-merano-bressanone-laives-renon-trasloco-economico-prezzi-alto-adige-sgombero-garage-magazzini-capannoni-800x450.jpg 800w, https:\/\/www.traslochiroger.it\/wp-content\/uploads\/deposito-custodia-trasloco-bolzano-merano-bressanone-laives-renon-trasloco-economico-prezzi-alto-adige-sgombero-garage-magazzini-capannoni-1200x675.jpg 1200w, https:\/\/www.traslochiroger.it\/wp-content\/uploads\/deposito-custodia-trasloco-bolzano-merano-bressanone-laives-renon-trasloco-economico-prezzi-alto-adige-sgombero-garage-magazzini-capannoni.jpg 2560w\" sizes=\"(min-width: 2200px) 100vw, (min-width: 784px) 457px, (min-width: 712px) 685px, (min-width: 640px) 712px, \" \/><div class=\"fusion-rollover\">\n\t<div class=\"fusion-rollover-content\">\n\n\t\t\t\t\t\t\t\t\t\t\t\t\t\t<a class=\"fusion-rollover-link\" href=\"https:\/\/www.traslochiroger.it\/de\/lager-und-aufbewahrungsservice\">Lager- und Aufbewahrungsservice<\/a>\n\t\t\t\n\t\t\t\t\t\t\t\t\t\t\t\t\t\t\n\t\t\t\t\t\t\t\t\n\t\t\t\t\t\t\t\t\t\t\t\t\t<div class=\"fusion-rollover-sep\"><\/div>\n\t\t\t\t\n\t\t\t\t\t\t\t\t\t\t\t\t\t\t\t\t\t\t<a class=\"fusion-rollover-gallery\" href=\"https:\/\/www.traslochiroger.it\/wp-content\/uploads\/deposito-custodia-trasloco-bolzano-merano-bressanone-laives-renon-trasloco-economico-prezzi-alto-adige-sgombero-garage-magazzini-capannoni.jpg\" data-id=\"2539\" data-rel=\"iLightbox[gallery]\" data-title=\"deposito-custodia-trasloco-bolzano-merano-bressanone-laives-renon-trasloco-economico-prezzi-alto-adige-sgombero-garage-magazzini-capannoni\" data-caption=\"\">\n\t\t\t\t\t\tGallery\t\t\t\t\t<\/a>\n\t\t\t\t\t\t\t\t\t\t\t\t\t\t\n\t\t\n\t\t\t\t\t\t\t\t\t\t\t\t<h4 class=\"fusion-rollover-title\">\n\t\t\t\t\t<a class=\"fusion-rollover-title-link\" href=\"https:\/\/www.traslochiroger.it\/de\/lager-und-aufbewahrungsservice\">\n\t\t\t\t\t\tLager- und Aufbewahrungsservice\t\t\t\t\t<\/a>\n\t\t\t\t<\/h4>\n\t\t\t\n\t\t\t\t\t\t\t\t\t\t<div class=\"fusion-rollover-categories\"><a href=\"https:\/\/www.traslochiroger.it\/de\/category\/dienste-umzuge-bozeno-meran-brixen-bz-suedtirol\" rel=\"tag\">Dienste<\/a><\/div>\t\t\t\t\t\n\t\t\n\t\t\t\t\t\t<a class=\"fusion-link-wrapper\" href=\"https:\/\/www.traslochiroger.it\/de\/lager-und-aufbewahrungsservice\" aria-label=\"Lager- und Aufbewahrungsservice\"><\/a>\n\t<\/div>\n<\/div>\n<\/div>\n<\/li>\n\t\t\t\n\t\t\t\n\t\t\t\t\t\t\t\t\t\t\t\t\t\t\t\t\t\t\t\t\t\t\t\t\t\t\t\t\t\t\t\t\t\t\t\t\t\t\t\t\t\t\t\t\t\t\t\t\t\t\t\t\t\t\t\t\t\t\t\t\t\t\t\t\t\t\t\t<\/ul>\n\t<\/div>\n\t<div class=\"fusion-post-content-wrapper\" style=\"padding:30px 25px 20px 25px;\"><div class=\"fusion-post-content post-content\"><h5 class=\"blog-shortcode-post-title entry-title\"><a href=\"https:\/\/www.traslochiroger.it\/de\/lager-und-aufbewahrungsservice\">Lager- und Aufbewahrungsservice<\/a><\/h5><div class=\"fusion-post-content-container\"><\/div><\/div><\/div><div class=\"fusion-clearfix\"><\/div><\/div>\n<\/article>\n<article id=\"blog-1-post-2546\" class=\"fusion-post-grid post-2546 post type-post status-publish format-standard has-post-thumbnail hentry category-dienste-umzuge-bozeno-meran-brixen-bz-suedtirol\">\n<div class=\"fusion-post-wrapper\" style=\"background-color:rgba(255,255,255,0);border:none;\">\n\n\t\t\t<div class=\"fusion-flexslider flexslider fusion-flexslider-loading fusion-post-slideshow\" style=\"border-color:rgba(235,234,234,0);\">\n\t\t<ul class=\"slides\">\n\t\t\t\n\t\t\t\t\t\t\t\t\t\t\t\t\t\t<li><div  class=\"fusion-image-wrapper\" aria-haspopup=\"true\">\n\t\t\t\t<img decoding=\"async\" width=\"2560\" height=\"1440\" src=\"https:\/\/www.traslochiroger.it\/wp-content\/uploads\/servizi-richiesta-occupazione-suolo-pubblico-trasloco-bolzano-merano-bressanone-laives-renon-trasloco-economico-prezzi-alto-adige.jpg\" class=\"attachment-full size-full wp-post-image\" alt=\"\" srcset=\"https:\/\/www.traslochiroger.it\/wp-content\/uploads\/servizi-richiesta-occupazione-suolo-pubblico-trasloco-bolzano-merano-bressanone-laives-renon-trasloco-economico-prezzi-alto-adige-200x113.jpg 200w, https:\/\/www.traslochiroger.it\/wp-content\/uploads\/servizi-richiesta-occupazione-suolo-pubblico-trasloco-bolzano-merano-bressanone-laives-renon-trasloco-economico-prezzi-alto-adige-400x225.jpg 400w, https:\/\/www.traslochiroger.it\/wp-content\/uploads\/servizi-richiesta-occupazione-suolo-pubblico-trasloco-bolzano-merano-bressanone-laives-renon-trasloco-economico-prezzi-alto-adige-600x338.jpg 600w, https:\/\/www.traslochiroger.it\/wp-content\/uploads\/servizi-richiesta-occupazione-suolo-pubblico-trasloco-bolzano-merano-bressanone-laives-renon-trasloco-economico-prezzi-alto-adige-800x450.jpg 800w, https:\/\/www.traslochiroger.it\/wp-content\/uploads\/servizi-richiesta-occupazione-suolo-pubblico-trasloco-bolzano-merano-bressanone-laives-renon-trasloco-economico-prezzi-alto-adige-1200x675.jpg 1200w, https:\/\/www.traslochiroger.it\/wp-content\/uploads\/servizi-richiesta-occupazione-suolo-pubblico-trasloco-bolzano-merano-bressanone-laives-renon-trasloco-economico-prezzi-alto-adige.jpg 2560w\" sizes=\"(min-width: 2200px) 100vw, (min-width: 784px) 457px, (min-width: 712px) 685px, (min-width: 640px) 712px, \" \/><div class=\"fusion-rollover\">\n\t<div class=\"fusion-rollover-content\">\n\n\t\t\t\t\t\t\t\t\t\t\t\t\t\t<a class=\"fusion-rollover-link\" href=\"https:\/\/www.traslochiroger.it\/de\/dienstleistungen-fuer-die-beantragung-der-nutzung-oeffentlichen-raums\">Service zur Beantragung der Nutzung \u00f6ffentlichen Raums<\/a>\n\t\t\t\n\t\t\t\t\t\t\t\t\t\t\t\t\t\t\n\t\t\t\t\t\t\t\t\n\t\t\t\t\t\t\t\t\t\t\t\t\t<div class=\"fusion-rollover-sep\"><\/div>\n\t\t\t\t\n\t\t\t\t\t\t\t\t\t\t\t\t\t\t\t\t\t\t<a class=\"fusion-rollover-gallery\" href=\"https:\/\/www.traslochiroger.it\/wp-content\/uploads\/servizi-richiesta-occupazione-suolo-pubblico-trasloco-bolzano-merano-bressanone-laives-renon-trasloco-economico-prezzi-alto-adige.jpg\" data-id=\"2546\" data-rel=\"iLightbox[gallery]\" data-title=\"servizi-richiesta-occupazione-suolo-pubblico-trasloco-bolzano-merano-bressanone-laives-renon-trasloco-economico-prezzi-alto-adige\" data-caption=\"\">\n\t\t\t\t\t\tGallery\t\t\t\t\t<\/a>\n\t\t\t\t\t\t\t\t\t\t\t\t\t\t\n\t\t\n\t\t\t\t\t\t\t\t\t\t\t\t<h4 class=\"fusion-rollover-title\">\n\t\t\t\t\t<a class=\"fusion-rollover-title-link\" href=\"https:\/\/www.traslochiroger.it\/de\/dienstleistungen-fuer-die-beantragung-der-nutzung-oeffentlichen-raums\">\n\t\t\t\t\t\tService zur Beantragung der Nutzung \u00f6ffentlichen Raums\t\t\t\t\t<\/a>\n\t\t\t\t<\/h4>\n\t\t\t\n\t\t\t\t\t\t\t\t\t\t<div class=\"fusion-rollover-categories\"><a href=\"https:\/\/www.traslochiroger.it\/de\/category\/dienste-umzuge-bozeno-meran-brixen-bz-suedtirol\" rel=\"tag\">Dienste<\/a><\/div>\t\t\t\t\t\n\t\t\n\t\t\t\t\t\t<a class=\"fusion-link-wrapper\" href=\"https:\/\/www.traslochiroger.it\/de\/dienstleistungen-fuer-die-beantragung-der-nutzung-oeffentlichen-raums\" aria-label=\"Service zur Beantragung der Nutzung \u00f6ffentlichen Raums\"><\/a>\n\t<\/div>\n<\/div>\n<\/div>\n<\/li>\n\t\t\t\n\t\t\t\n\t\t\t\t\t\t\t\t\t\t\t\t\t\t\t\t\t\t\t\t\t\t\t\t\t\t\t\t\t\t\t\t\t\t\t\t\t\t\t\t\t\t\t\t\t\t\t\t\t\t\t\t\t\t\t\t\t\t\t\t\t\t\t\t\t\t\t\t<\/ul>\n\t<\/div>\n\t<div class=\"fusion-post-content-wrapper\" style=\"padding:30px 25px 20px 25px;\"><div class=\"fusion-post-content post-content\"><h5 class=\"blog-shortcode-post-title entry-title\"><a href=\"https:\/\/www.traslochiroger.it\/de\/dienstleistungen-fuer-die-beantragung-der-nutzung-oeffentlichen-raums\">Service zur Beantragung der Nutzung \u00f6ffentlichen Raums<\/a><\/h5><div class=\"fusion-post-content-container\"><\/div><\/div><\/div><div class=\"fusion-clearfix\"><\/div><\/div>\n<\/article>\n<article id=\"blog-1-post-2542\" class=\"fusion-post-grid post-2542 post type-post status-publish format-standard has-post-thumbnail hentry category-dienste-umzuge-bozeno-meran-brixen-bz-suedtirol\">\n<div class=\"fusion-post-wrapper\" style=\"background-color:rgba(255,255,255,0);border:none;\">\n\n\t\t\t<div class=\"fusion-flexslider flexslider fusion-flexslider-loading fusion-post-slideshow\" style=\"border-color:rgba(235,234,234,0);\">\n\t\t<ul class=\"slides\">\n\t\t\t\n\t\t\t\t\t\t\t\t\t\t\t\t\t\t<li><div  class=\"fusion-image-wrapper\" aria-haspopup=\"true\">\n\t\t\t\t<img decoding=\"async\" width=\"2560\" height=\"1440\" src=\"https:\/\/www.traslochiroger.it\/wp-content\/uploads\/servizio-di-smaltimento-trasloco-bolzano-merano-bressanone-laives-renon-trasloco-economico-prezzi-alto-adige-sgombero-garage-magazzini-capannoni.jpg\" class=\"attachment-full size-full wp-post-image\" alt=\"\" srcset=\"https:\/\/www.traslochiroger.it\/wp-content\/uploads\/servizio-di-smaltimento-trasloco-bolzano-merano-bressanone-laives-renon-trasloco-economico-prezzi-alto-adige-sgombero-garage-magazzini-capannoni-200x113.jpg 200w, https:\/\/www.traslochiroger.it\/wp-content\/uploads\/servizio-di-smaltimento-trasloco-bolzano-merano-bressanone-laives-renon-trasloco-economico-prezzi-alto-adige-sgombero-garage-magazzini-capannoni-400x225.jpg 400w, https:\/\/www.traslochiroger.it\/wp-content\/uploads\/servizio-di-smaltimento-trasloco-bolzano-merano-bressanone-laives-renon-trasloco-economico-prezzi-alto-adige-sgombero-garage-magazzini-capannoni-600x338.jpg 600w, https:\/\/www.traslochiroger.it\/wp-content\/uploads\/servizio-di-smaltimento-trasloco-bolzano-merano-bressanone-laives-renon-trasloco-economico-prezzi-alto-adige-sgombero-garage-magazzini-capannoni-800x450.jpg 800w, https:\/\/www.traslochiroger.it\/wp-content\/uploads\/servizio-di-smaltimento-trasloco-bolzano-merano-bressanone-laives-renon-trasloco-economico-prezzi-alto-adige-sgombero-garage-magazzini-capannoni-1200x675.jpg 1200w, https:\/\/www.traslochiroger.it\/wp-content\/uploads\/servizio-di-smaltimento-trasloco-bolzano-merano-bressanone-laives-renon-trasloco-economico-prezzi-alto-adige-sgombero-garage-magazzini-capannoni.jpg 2560w\" sizes=\"(min-width: 2200px) 100vw, (min-width: 784px) 457px, (min-width: 712px) 685px, (min-width: 640px) 712px, \" \/><div class=\"fusion-rollover\">\n\t<div class=\"fusion-rollover-content\">\n\n\t\t\t\t\t\t\t\t\t\t\t\t\t\t<a class=\"fusion-rollover-link\" href=\"https:\/\/www.traslochiroger.it\/de\/servicedienst-fuer-entsorgung-und-vernichtung\">Servicedienst f\u00fcr Entsorgung und Vernichtung<\/a>\n\t\t\t\n\t\t\t\t\t\t\t\t\t\t\t\t\t\t\n\t\t\t\t\t\t\t\t\n\t\t\t\t\t\t\t\t\t\t\t\t\t<div class=\"fusion-rollover-sep\"><\/div>\n\t\t\t\t\n\t\t\t\t\t\t\t\t\t\t\t\t\t\t\t\t\t\t<a class=\"fusion-rollover-gallery\" href=\"https:\/\/www.traslochiroger.it\/wp-content\/uploads\/servizio-di-smaltimento-trasloco-bolzano-merano-bressanone-laives-renon-trasloco-economico-prezzi-alto-adige-sgombero-garage-magazzini-capannoni.jpg\" data-id=\"2542\" data-rel=\"iLightbox[gallery]\" data-title=\"servizio-di-smaltimento-trasloco-bolzano-merano-bressanone-laives-renon-trasloco-economico-prezzi-alto-adige-sgombero-garage-magazzini-capannoni\" data-caption=\"\">\n\t\t\t\t\t\tGallery\t\t\t\t\t<\/a>\n\t\t\t\t\t\t\t\t\t\t\t\t\t\t\n\t\t\n\t\t\t\t\t\t\t\t\t\t\t\t<h4 class=\"fusion-rollover-title\">\n\t\t\t\t\t<a class=\"fusion-rollover-title-link\" href=\"https:\/\/www.traslochiroger.it\/de\/servicedienst-fuer-entsorgung-und-vernichtung\">\n\t\t\t\t\t\tServicedienst f\u00fcr Entsorgung und Vernichtung\t\t\t\t\t<\/a>\n\t\t\t\t<\/h4>\n\t\t\t\n\t\t\t\t\t\t\t\t\t\t<div class=\"fusion-rollover-categories\"><a href=\"https:\/\/www.traslochiroger.it\/de\/category\/dienste-umzuge-bozeno-meran-brixen-bz-suedtirol\" rel=\"tag\">Dienste<\/a><\/div>\t\t\t\t\t\n\t\t\n\t\t\t\t\t\t<a class=\"fusion-link-wrapper\" href=\"https:\/\/www.traslochiroger.it\/de\/servicedienst-fuer-entsorgung-und-vernichtung\" aria-label=\"Servicedienst f\u00fcr Entsorgung und Vernichtung\"><\/a>\n\t<\/div>\n<\/div>\n<\/div>\n<\/li>\n\t\t\t\n\t\t\t\n\t\t\t\t\t\t\t\t\t\t\t\t\t\t\t\t\t\t\t\t\t\t\t\t\t\t\t\t\t\t\t\t\t\t\t\t\t\t\t\t\t\t\t\t\t\t\t\t\t\t\t\t\t\t\t\t\t\t\t\t\t\t\t\t\t\t\t\t<\/ul>\n\t<\/div>\n\t<div class=\"fusion-post-content-wrapper\" style=\"padding:30px 25px 20px 25px;\"><div class=\"fusion-post-content post-content\"><h5 class=\"blog-shortcode-post-title entry-title\"><a href=\"https:\/\/www.traslochiroger.it\/de\/servicedienst-fuer-entsorgung-und-vernichtung\">Servicedienst f\u00fcr Entsorgung und Vernichtung<\/a><\/h5><div class=\"fusion-post-content-container\"><\/div><\/div><\/div><div class=\"fusion-clearfix\"><\/div><\/div>\n<\/article>\n<article id=\"blog-1-post-2525\" class=\"fusion-post-grid post-2525 post type-post status-publish format-standard has-post-thumbnail hentry category-dienste-umzuge-bozeno-meran-brixen-bz-suedtirol\">\n<div class=\"fusion-post-wrapper\" style=\"background-color:rgba(255,255,255,0);border:none;\">\n\n\t\t\t<div class=\"fusion-flexslider flexslider fusion-flexslider-loading fusion-post-slideshow\" style=\"border-color:rgba(235,234,234,0);\">\n\t\t<ul class=\"slides\">\n\t\t\t\n\t\t\t\t\t\t\t\t\t\t\t\t\t\t<li><div  class=\"fusion-image-wrapper\" aria-haspopup=\"true\">\n\t\t\t\t<img decoding=\"async\" width=\"2560\" height=\"1440\" src=\"https:\/\/www.traslochiroger.it\/wp-content\/uploads\/sgombero-trasloco-bolzano-merano-bressanone-laives-renon-trasloco-economico-prezzi-alto-adige-sgombero-garage-magazzini-capannoni-1.jpg\" class=\"attachment-full size-full wp-post-image\" alt=\"\" srcset=\"https:\/\/www.traslochiroger.it\/wp-content\/uploads\/sgombero-trasloco-bolzano-merano-bressanone-laives-renon-trasloco-economico-prezzi-alto-adige-sgombero-garage-magazzini-capannoni-1-200x113.jpg 200w, https:\/\/www.traslochiroger.it\/wp-content\/uploads\/sgombero-trasloco-bolzano-merano-bressanone-laives-renon-trasloco-economico-prezzi-alto-adige-sgombero-garage-magazzini-capannoni-1-400x225.jpg 400w, https:\/\/www.traslochiroger.it\/wp-content\/uploads\/sgombero-trasloco-bolzano-merano-bressanone-laives-renon-trasloco-economico-prezzi-alto-adige-sgombero-garage-magazzini-capannoni-1-600x338.jpg 600w, https:\/\/www.traslochiroger.it\/wp-content\/uploads\/sgombero-trasloco-bolzano-merano-bressanone-laives-renon-trasloco-economico-prezzi-alto-adige-sgombero-garage-magazzini-capannoni-1-800x450.jpg 800w, https:\/\/www.traslochiroger.it\/wp-content\/uploads\/sgombero-trasloco-bolzano-merano-bressanone-laives-renon-trasloco-economico-prezzi-alto-adige-sgombero-garage-magazzini-capannoni-1-1200x675.jpg 1200w, https:\/\/www.traslochiroger.it\/wp-content\/uploads\/sgombero-trasloco-bolzano-merano-bressanone-laives-renon-trasloco-economico-prezzi-alto-adige-sgombero-garage-magazzini-capannoni-1.jpg 2560w\" sizes=\"(min-width: 2200px) 100vw, (min-width: 784px) 457px, (min-width: 712px) 685px, (min-width: 640px) 712px, \" \/><div class=\"fusion-rollover\">\n\t<div class=\"fusion-rollover-content\">\n\n\t\t\t\t\t\t\t\t\t\t\t\t\t\t<a class=\"fusion-rollover-link\" href=\"https:\/\/www.traslochiroger.it\/de\/entruempelungsdienst\">Entr\u00fcmpelungsdienst<\/a>\n\t\t\t\n\t\t\t\t\t\t\t\t\t\t\t\t\t\t\n\t\t\t\t\t\t\t\t\n\t\t\t\t\t\t\t\t\t\t\t\t\t<div class=\"fusion-rollover-sep\"><\/div>\n\t\t\t\t\n\t\t\t\t\t\t\t\t\t\t\t\t\t\t\t\t\t\t<a class=\"fusion-rollover-gallery\" href=\"https:\/\/www.traslochiroger.it\/wp-content\/uploads\/sgombero-trasloco-bolzano-merano-bressanone-laives-renon-trasloco-economico-prezzi-alto-adige-sgombero-garage-magazzini-capannoni-1.jpg\" data-id=\"2525\" data-rel=\"iLightbox[gallery]\" data-title=\"sgombero-trasloco-bolzano-merano-bressanone-laives-renon-trasloco-economico-prezzi-alto-adige-sgombero-garage-magazzini-capannoni\" data-caption=\"\">\n\t\t\t\t\t\tGallery\t\t\t\t\t<\/a>\n\t\t\t\t\t\t\t\t\t\t\t\t\t\t\n\t\t\n\t\t\t\t\t\t\t\t\t\t\t\t<h4 class=\"fusion-rollover-title\">\n\t\t\t\t\t<a class=\"fusion-rollover-title-link\" href=\"https:\/\/www.traslochiroger.it\/de\/entruempelungsdienst\">\n\t\t\t\t\t\tEntr\u00fcmpelungsdienst\t\t\t\t\t<\/a>\n\t\t\t\t<\/h4>\n\t\t\t\n\t\t\t\t\t\t\t\t\t\t<div class=\"fusion-rollover-categories\"><a href=\"https:\/\/www.traslochiroger.it\/de\/category\/dienste-umzuge-bozeno-meran-brixen-bz-suedtirol\" rel=\"tag\">Dienste<\/a><\/div>\t\t\t\t\t\n\t\t\n\t\t\t\t\t\t<a class=\"fusion-link-wrapper\" href=\"https:\/\/www.traslochiroger.it\/de\/entruempelungsdienst\" aria-label=\"Entr\u00fcmpelungsdienst\"><\/a>\n\t<\/div>\n<\/div>\n<\/div>\n<\/li>\n\t\t\t\n\t\t\t\n\t\t\t\t\t\t\t\t\t\t\t\t\t\t\t\t\t\t\t\t\t\t\t\t\t\t\t\t\t\t\t\t\t\t\t\t\t\t\t\t\t\t\t\t\t\t\t\t\t\t\t\t\t\t\t\t\t\t\t\t\t\t\t\t\t\t\t\t<\/ul>\n\t<\/div>\n\t<div class=\"fusion-post-content-wrapper\" style=\"padding:30px 25px 20px 25px;\"><div class=\"fusion-post-content post-content\"><h5 class=\"blog-shortcode-post-title entry-title\"><a href=\"https:\/\/www.traslochiroger.it\/de\/entruempelungsdienst\">Entr\u00fcmpelungsdienst<\/a><\/h5><div class=\"fusion-post-content-container\"><\/div><\/div><\/div><div class=\"fusion-clearfix\"><\/div><\/div>\n<\/article>\n<article id=\"blog-1-post-2549\" class=\"fusion-post-grid post-2549 post type-post status-publish format-standard has-post-thumbnail hentry category-dienste-umzuge-bozeno-meran-brixen-bz-suedtirol\">\n<div class=\"fusion-post-wrapper\" style=\"background-color:rgba(255,255,255,0);border:none;\">\n\n\t\t\t<div class=\"fusion-flexslider flexslider fusion-flexslider-loading fusion-post-slideshow\" style=\"border-color:rgba(235,234,234,0);\">\n\t\t<ul class=\"slides\">\n\t\t\t\n\t\t\t\t\t\t\t\t\t\t\t\t\t\t<li><div  class=\"fusion-image-wrapper\" aria-haspopup=\"true\">\n\t\t\t\t<img decoding=\"async\" width=\"2560\" height=\"1440\" src=\"https:\/\/www.traslochiroger.it\/wp-content\/uploads\/GD1TVBL.jpg\" class=\"attachment-full size-full wp-post-image\" alt=\"\" srcset=\"https:\/\/www.traslochiroger.it\/wp-content\/uploads\/GD1TVBL-200x113.jpg 200w, https:\/\/www.traslochiroger.it\/wp-content\/uploads\/GD1TVBL-400x225.jpg 400w, https:\/\/www.traslochiroger.it\/wp-content\/uploads\/GD1TVBL-600x338.jpg 600w, https:\/\/www.traslochiroger.it\/wp-content\/uploads\/GD1TVBL-800x450.jpg 800w, https:\/\/www.traslochiroger.it\/wp-content\/uploads\/GD1TVBL-1200x675.jpg 1200w, https:\/\/www.traslochiroger.it\/wp-content\/uploads\/GD1TVBL.jpg 2560w\" sizes=\"(min-width: 2200px) 100vw, (min-width: 784px) 457px, (min-width: 712px) 685px, (min-width: 640px) 712px, \" \/><div class=\"fusion-rollover\">\n\t<div class=\"fusion-rollover-content\">\n\n\t\t\t\t\t\t\t\t\t\t\t\t\t\t<a class=\"fusion-rollover-link\" href=\"https:\/\/www.traslochiroger.it\/de\/neuer-service-komplettmanagement-der-adressaenderung-und-uebertragung-von-gas-strom-wasser-und-abfalldiensten\">Neuer Service: Komplettmanagement der Adress\u00e4nderung und \u00dcbertragung von Gas-, Strom-, Wasser- und Abfalldiensten<\/a>\n\t\t\t\n\t\t\t\t\t\t\t\t\t\t\t\t\t\t\n\t\t\t\t\t\t\t\t\n\t\t\t\t\t\t\t\t\t\t\t\t\t<div class=\"fusion-rollover-sep\"><\/div>\n\t\t\t\t\n\t\t\t\t\t\t\t\t\t\t\t\t\t\t\t\t\t\t<a class=\"fusion-rollover-gallery\" href=\"https:\/\/www.traslochiroger.it\/wp-content\/uploads\/GD1TVBL.jpg\" data-id=\"2549\" data-rel=\"iLightbox[gallery]\" data-title=\"GD1TVB~L\" data-caption=\"\">\n\t\t\t\t\t\tGallery\t\t\t\t\t<\/a>\n\t\t\t\t\t\t\t\t\t\t\t\t\t\t\n\t\t\n\t\t\t\t\t\t\t\t\t\t\t\t<h4 class=\"fusion-rollover-title\">\n\t\t\t\t\t<a class=\"fusion-rollover-title-link\" href=\"https:\/\/www.traslochiroger.it\/de\/neuer-service-komplettmanagement-der-adressaenderung-und-uebertragung-von-gas-strom-wasser-und-abfalldiensten\">\n\t\t\t\t\t\tNeuer Service: Komplettmanagement der Adress\u00e4nderung und \u00dcbertragung von Gas-, Strom-, Wasser- und Abfalldiensten\t\t\t\t\t<\/a>\n\t\t\t\t<\/h4>\n\t\t\t\n\t\t\t\t\t\t\t\t\t\t<div class=\"fusion-rollover-categories\"><a href=\"https:\/\/www.traslochiroger.it\/de\/category\/dienste-umzuge-bozeno-meran-brixen-bz-suedtirol\" rel=\"tag\">Dienste<\/a><\/div>\t\t\t\t\t\n\t\t\n\t\t\t\t\t\t<a class=\"fusion-link-wrapper\" href=\"https:\/\/www.traslochiroger.it\/de\/neuer-service-komplettmanagement-der-adressaenderung-und-uebertragung-von-gas-strom-wasser-und-abfalldiensten\" aria-label=\"Neuer Service: Komplettmanagement der Adress\u00e4nderung und \u00dcbertragung von Gas-, Strom-, Wasser- und Abfalldiensten\"><\/a>\n\t<\/div>\n<\/div>\n<\/div>\n<\/li>\n\t\t\t\n\t\t\t\n\t\t\t\t\t\t\t\t\t\t\t\t\t\t\t\t\t\t\t\t\t\t\t\t\t\t\t\t\t\t\t\t\t\t\t\t\t\t\t\t\t\t\t\t\t\t\t\t\t\t\t\t\t\t\t\t\t\t\t\t\t\t\t\t\t\t\t\t<\/ul>\n\t<\/div>\n\t<div class=\"fusion-post-content-wrapper\" style=\"padding:30px 25px 20px 25px;\"><div class=\"fusion-post-content post-content\"><h5 class=\"blog-shortcode-post-title entry-title\"><a href=\"https:\/\/www.traslochiroger.it\/de\/neuer-service-komplettmanagement-der-adressaenderung-und-uebertragung-von-gas-strom-wasser-und-abfalldiensten\">Neuer Service: Komplettmanagement der Adress\u00e4nderung und \u00dcbertragung von Gas-, Strom-, Wasser- und Abfalldiensten<\/a><\/h5><div class=\"fusion-post-content-container\"><\/div><\/div><\/div><div class=\"fusion-clearfix\"><\/div><\/div>\n<\/article>\n<article id=\"blog-1-post-2536\" class=\"fusion-post-grid post-2536 post type-post status-publish format-standard has-post-thumbnail hentry category-dienste-umzuge-bozeno-meran-brixen-bz-suedtirol\">\n<div class=\"fusion-post-wrapper\" style=\"background-color:rgba(255,255,255,0);border:none;\">\n\n\t\t\t<div class=\"fusion-flexslider flexslider fusion-flexslider-loading fusion-post-slideshow\" style=\"border-color:rgba(235,234,234,0);\">\n\t\t<ul class=\"slides\">\n\t\t\t\n\t\t\t\t\t\t\t\t\t\t\t\t\t\t<li><div  class=\"fusion-image-wrapper\" aria-haspopup=\"true\">\n\t\t\t\t<img decoding=\"async\" width=\"2560\" height=\"1440\" src=\"https:\/\/www.traslochiroger.it\/wp-content\/uploads\/trasporto-pianoplan-pianoforti-cassaforti-trasloco-bolzano-merano-bressanone-laives-renon-trasloco-alto-adige-sgombero.jpg\" class=\"attachment-full size-full wp-post-image\" alt=\"\" srcset=\"https:\/\/www.traslochiroger.it\/wp-content\/uploads\/trasporto-pianoplan-pianoforti-cassaforti-trasloco-bolzano-merano-bressanone-laives-renon-trasloco-alto-adige-sgombero-200x113.jpg 200w, https:\/\/www.traslochiroger.it\/wp-content\/uploads\/trasporto-pianoplan-pianoforti-cassaforti-trasloco-bolzano-merano-bressanone-laives-renon-trasloco-alto-adige-sgombero-400x225.jpg 400w, https:\/\/www.traslochiroger.it\/wp-content\/uploads\/trasporto-pianoplan-pianoforti-cassaforti-trasloco-bolzano-merano-bressanone-laives-renon-trasloco-alto-adige-sgombero-600x338.jpg 600w, https:\/\/www.traslochiroger.it\/wp-content\/uploads\/trasporto-pianoplan-pianoforti-cassaforti-trasloco-bolzano-merano-bressanone-laives-renon-trasloco-alto-adige-sgombero-800x450.jpg 800w, https:\/\/www.traslochiroger.it\/wp-content\/uploads\/trasporto-pianoplan-pianoforti-cassaforti-trasloco-bolzano-merano-bressanone-laives-renon-trasloco-alto-adige-sgombero-1200x675.jpg 1200w, https:\/\/www.traslochiroger.it\/wp-content\/uploads\/trasporto-pianoplan-pianoforti-cassaforti-trasloco-bolzano-merano-bressanone-laives-renon-trasloco-alto-adige-sgombero.jpg 2560w\" sizes=\"(min-width: 2200px) 100vw, (min-width: 784px) 457px, (min-width: 712px) 685px, (min-width: 640px) 712px, \" \/><div class=\"fusion-rollover\">\n\t<div class=\"fusion-rollover-content\">\n\n\t\t\t\t\t\t\t\t\t\t\t\t\t\t<a class=\"fusion-rollover-link\" href=\"https:\/\/www.traslochiroger.it\/de\/transport-von-klavieren-und-tresoren-mit-dem-pianoplan\">Transport von Klavieren und Tresoren mit dem Pianoplan<\/a>\n\t\t\t\n\t\t\t\t\t\t\t\t\t\t\t\t\t\t\n\t\t\t\t\t\t\t\t\n\t\t\t\t\t\t\t\t\t\t\t\t\t<div class=\"fusion-rollover-sep\"><\/div>\n\t\t\t\t\n\t\t\t\t\t\t\t\t\t\t\t\t\t\t\t\t\t\t<a class=\"fusion-rollover-gallery\" href=\"https:\/\/www.traslochiroger.it\/wp-content\/uploads\/trasporto-pianoplan-pianoforti-cassaforti-trasloco-bolzano-merano-bressanone-laives-renon-trasloco-alto-adige-sgombero.jpg\" data-id=\"2536\" data-rel=\"iLightbox[gallery]\" data-title=\"trasporto-pianoplan-pianoforti-cassaforti-trasloco-bolzano-merano-bressanone-laives-renon-trasloco-alto-adige-sgombero\" data-caption=\"\">\n\t\t\t\t\t\tGallery\t\t\t\t\t<\/a>\n\t\t\t\t\t\t\t\t\t\t\t\t\t\t\n\t\t\n\t\t\t\t\t\t\t\t\t\t\t\t<h4 class=\"fusion-rollover-title\">\n\t\t\t\t\t<a class=\"fusion-rollover-title-link\" href=\"https:\/\/www.traslochiroger.it\/de\/transport-von-klavieren-und-tresoren-mit-dem-pianoplan\">\n\t\t\t\t\t\tTransport von Klavieren und Tresoren mit dem Pianoplan\t\t\t\t\t<\/a>\n\t\t\t\t<\/h4>\n\t\t\t\n\t\t\t\t\t\t\t\t\t\t<div class=\"fusion-rollover-categories\"><a href=\"https:\/\/www.traslochiroger.it\/de\/category\/dienste-umzuge-bozeno-meran-brixen-bz-suedtirol\" rel=\"tag\">Dienste<\/a><\/div>\t\t\t\t\t\n\t\t\n\t\t\t\t\t\t<a class=\"fusion-link-wrapper\" href=\"https:\/\/www.traslochiroger.it\/de\/transport-von-klavieren-und-tresoren-mit-dem-pianoplan\" aria-label=\"Transport von Klavieren und Tresoren mit dem Pianoplan\"><\/a>\n\t<\/div>\n<\/div>\n<\/div>\n<\/li>\n\t\t\t\n\t\t\t\n\t\t\t\t\t\t\t\t\t\t\t\t\t\t\t\t\t\t\t\t\t\t\t\t\t\t\t\t\t\t\t\t\t\t\t\t\t\t\t\t\t\t\t\t\t\t\t\t\t\t\t\t\t\t\t\t\t\t\t\t\t\t\t\t\t\t\t\t<\/ul>\n\t<\/div>\n\t<div class=\"fusion-post-content-wrapper\" style=\"padding:30px 25px 20px 25px;\"><div class=\"fusion-post-content post-content\"><h5 class=\"blog-shortcode-post-title entry-title\"><a href=\"https:\/\/www.traslochiroger.it\/de\/transport-von-klavieren-und-tresoren-mit-dem-pianoplan\">Transport von Klavieren und Tresoren mit dem Pianoplan<\/a><\/h5><div class=\"fusion-post-content-container\"><\/div><\/div><\/div><div class=\"fusion-clearfix\"><\/div><\/div>\n<\/article>\n<article id=\"blog-1-post-2533\" class=\"fusion-post-grid post-2533 post type-post status-publish format-standard has-post-thumbnail hentry category-dienste-umzuge-bozeno-meran-brixen-bz-suedtirol\">\n<div class=\"fusion-post-wrapper\" style=\"background-color:rgba(255,255,255,0);border:none;\">\n\n\t\t\t<div class=\"fusion-flexslider flexslider fusion-flexslider-loading fusion-post-slideshow\" style=\"border-color:rgba(235,234,234,0);\">\n\t\t<ul class=\"slides\">\n\t\t\t\n\t\t\t\t\t\t\t\t\t\t\t\t\t\t<li><div  class=\"fusion-image-wrapper\" aria-haspopup=\"true\">\n\t\t\t\t<img decoding=\"async\" width=\"2560\" height=\"1440\" src=\"https:\/\/www.traslochiroger.it\/wp-content\/uploads\/noleggio-autoscala-elevatori-esterni-manovratore-qualificato-trasloco-bolzano-merano-bressanone-laives-renon-trasloco-alto-adige.jpg\" class=\"attachment-full size-full wp-post-image\" alt=\"\" srcset=\"https:\/\/www.traslochiroger.it\/wp-content\/uploads\/noleggio-autoscala-elevatori-esterni-manovratore-qualificato-trasloco-bolzano-merano-bressanone-laives-renon-trasloco-alto-adige-200x113.jpg 200w, https:\/\/www.traslochiroger.it\/wp-content\/uploads\/noleggio-autoscala-elevatori-esterni-manovratore-qualificato-trasloco-bolzano-merano-bressanone-laives-renon-trasloco-alto-adige-400x225.jpg 400w, https:\/\/www.traslochiroger.it\/wp-content\/uploads\/noleggio-autoscala-elevatori-esterni-manovratore-qualificato-trasloco-bolzano-merano-bressanone-laives-renon-trasloco-alto-adige-600x338.jpg 600w, https:\/\/www.traslochiroger.it\/wp-content\/uploads\/noleggio-autoscala-elevatori-esterni-manovratore-qualificato-trasloco-bolzano-merano-bressanone-laives-renon-trasloco-alto-adige-800x450.jpg 800w, https:\/\/www.traslochiroger.it\/wp-content\/uploads\/noleggio-autoscala-elevatori-esterni-manovratore-qualificato-trasloco-bolzano-merano-bressanone-laives-renon-trasloco-alto-adige-1200x675.jpg 1200w, https:\/\/www.traslochiroger.it\/wp-content\/uploads\/noleggio-autoscala-elevatori-esterni-manovratore-qualificato-trasloco-bolzano-merano-bressanone-laives-renon-trasloco-alto-adige.jpg 2560w\" sizes=\"(min-width: 2200px) 100vw, (min-width: 784px) 457px, (min-width: 712px) 685px, (min-width: 640px) 712px, \" \/><div class=\"fusion-rollover\">\n\t<div class=\"fusion-rollover-content\">\n\n\t\t\t\t\t\t\t\t\t\t\t\t\t\t<a class=\"fusion-rollover-link\" href=\"https:\/\/www.traslochiroger.it\/de\/vermietung-von-aussenaufzuegen-und-hebebuehnen-mit-qualifiziertem-bedienpersonal\">Vermietung von Au\u00dfenaufz\u00fcgen und Hebeb\u00fchnen mit qualifiziertem Bedienpersonal<\/a>\n\t\t\t\n\t\t\t\t\t\t\t\t\t\t\t\t\t\t\n\t\t\t\t\t\t\t\t\n\t\t\t\t\t\t\t\t\t\t\t\t\t<div class=\"fusion-rollover-sep\"><\/div>\n\t\t\t\t\n\t\t\t\t\t\t\t\t\t\t\t\t\t\t\t\t\t\t<a class=\"fusion-rollover-gallery\" href=\"https:\/\/www.traslochiroger.it\/wp-content\/uploads\/noleggio-autoscala-elevatori-esterni-manovratore-qualificato-trasloco-bolzano-merano-bressanone-laives-renon-trasloco-alto-adige.jpg\" data-id=\"2533\" data-rel=\"iLightbox[gallery]\" data-title=\"noleggio-autoscala-elevatori-esterni-manovratore-qualificato-trasloco-bolzano-merano-bressanone-laives-renon-trasloco-alto-adige\" data-caption=\"\">\n\t\t\t\t\t\tGallery\t\t\t\t\t<\/a>\n\t\t\t\t\t\t\t\t\t\t\t\t\t\t\n\t\t\n\t\t\t\t\t\t\t\t\t\t\t\t<h4 class=\"fusion-rollover-title\">\n\t\t\t\t\t<a class=\"fusion-rollover-title-link\" href=\"https:\/\/www.traslochiroger.it\/de\/vermietung-von-aussenaufzuegen-und-hebebuehnen-mit-qualifiziertem-bedienpersonal\">\n\t\t\t\t\t\tVermietung von Au\u00dfenaufz\u00fcgen und Hebeb\u00fchnen mit qualifiziertem Bedienpersonal\t\t\t\t\t<\/a>\n\t\t\t\t<\/h4>\n\t\t\t\n\t\t\t\t\t\t\t\t\t\t<div class=\"fusion-rollover-categories\"><a href=\"https:\/\/www.traslochiroger.it\/de\/category\/dienste-umzuge-bozeno-meran-brixen-bz-suedtirol\" rel=\"tag\">Dienste<\/a><\/div>\t\t\t\t\t\n\t\t\n\t\t\t\t\t\t<a class=\"fusion-link-wrapper\" href=\"https:\/\/www.traslochiroger.it\/de\/vermietung-von-aussenaufzuegen-und-hebebuehnen-mit-qualifiziertem-bedienpersonal\" aria-label=\"Vermietung von Au\u00dfenaufz\u00fcgen und Hebeb\u00fchnen mit qualifiziertem Bedienpersonal\"><\/a>\n\t<\/div>\n<\/div>\n<\/div>\n<\/li>\n\t\t\t\n\t\t\t\n\t\t\t\t\t\t\t\t\t\t\t\t\t\t\t\t\t\t\t\t\t\t\t\t\t\t\t\t\t\t\t\t\t\t\t\t\t\t\t\t\t\t\t\t\t\t\t\t\t\t\t\t\t\t\t\t\t\t\t\t\t\t\t\t\t\t\t\t<\/ul>\n\t<\/div>\n\t<div class=\"fusion-post-content-wrapper\" style=\"padding:30px 25px 20px 25px;\"><div class=\"fusion-post-content post-content\"><h5 class=\"blog-shortcode-post-title entry-title\"><a href=\"https:\/\/www.traslochiroger.it\/de\/vermietung-von-aussenaufzuegen-und-hebebuehnen-mit-qualifiziertem-bedienpersonal\">Vermietung von Au\u00dfenaufz\u00fcgen und Hebeb\u00fchnen mit qualifiziertem Bedienpersonal<\/a><\/h5><div class=\"fusion-post-content-container\"><\/div><\/div><\/div><div class=\"fusion-clearfix\"><\/div><\/div>\n<\/article>\n<div class=\"fusion-clearfix\"><\/div><\/div><\/div><\/div><\/div><\/div><\/div>\n","protected":false},"excerpt":{"rendered":"","protected":false},"author":2,"featured_media":0,"parent":0,"menu_order":0,"comment_status":"closed","ping_status":"closed","template":"","meta":{"footnotes":""},"class_list":["post-2628","page","type-page","status-publish","hentry"],"yoast_head":"<!-- This site is optimized with the Yoast SEO plugin v25.4 - https:\/\/yoast.com\/wordpress\/plugins\/seo\/ -->\n<title>Dienstleistungen di Traslochi - Traslochi Roger&#039;s<\/title>\n<meta name=\"robots\" content=\"noindex, follow\" \/>\n<meta property=\"og:locale\" content=\"de_DE\" \/>\n<meta property=\"og:type\" content=\"article\" \/>\n<meta property=\"og:title\" content=\"Dienstleistungen di Traslochi - Traslochi Roger&#039;s\" \/>\n<meta property=\"og:url\" content=\"https:\/\/www.traslochiroger.it\/de\/umzugsdienstleistungen-bozen-meran-brixen\" \/>\n<meta property=\"og:site_name\" content=\"Traslochi Roger&#039;s\" \/>\n<meta property=\"article:modified_time\" content=\"2025-01-21T21:18:51+00:00\" \/>\n<meta name=\"twitter:card\" content=\"summary_large_image\" \/>\n<meta name=\"twitter:label1\" content=\"Gesch\u00e4tzte Lesezeit\" \/>\n\t<meta name=\"twitter:data1\" content=\"4 minutes\" \/>\n<script type=\"application\/ld+json\" class=\"yoast-schema-graph\">{\"@context\":\"https:\/\/schema.org\",\"@graph\":[{\"@type\":\"WebPage\",\"@id\":\"https:\/\/www.traslochiroger.it\/de\/umzugsdienstleistungen-bozen-meran-brixen\",\"url\":\"https:\/\/www.traslochiroger.it\/de\/umzugsdienstleistungen-bozen-meran-brixen\",\"name\":\"Dienstleistungen di Traslochi - Traslochi Roger&#039;s\",\"isPartOf\":{\"@id\":\"https:\/\/www.traslochiroger.it\/#website\"},\"datePublished\":\"2024-11-10T09:01:48+00:00\",\"dateModified\":\"2025-01-21T21:18:51+00:00\",\"breadcrumb\":{\"@id\":\"https:\/\/www.traslochiroger.it\/de\/umzugsdienstleistungen-bozen-meran-brixen#breadcrumb\"},\"inLanguage\":\"de-DE\",\"potentialAction\":[{\"@type\":\"ReadAction\",\"target\":[\"https:\/\/www.traslochiroger.it\/de\/umzugsdienstleistungen-bozen-meran-brixen\"]}]},{\"@type\":\"BreadcrumbList\",\"@id\":\"https:\/\/www.traslochiroger.it\/de\/umzugsdienstleistungen-bozen-meran-brixen#breadcrumb\",\"itemListElement\":[{\"@type\":\"ListItem\",\"position\":1,\"name\":\"Home\",\"item\":\"https:\/\/www.traslochiroger.it\/de\"},{\"@type\":\"ListItem\",\"position\":2,\"name\":\"Dienstleistungen\"}]},{\"@type\":\"WebSite\",\"@id\":\"https:\/\/www.traslochiroger.it\/#website\",\"url\":\"https:\/\/www.traslochiroger.it\/\",\"name\":\"Traslochi Roger&#039;s\",\"description\":\"\",\"potentialAction\":[{\"@type\":\"SearchAction\",\"target\":{\"@type\":\"EntryPoint\",\"urlTemplate\":\"https:\/\/www.traslochiroger.it\/?s={search_term_string}\"},\"query-input\":{\"@type\":\"PropertyValueSpecification\",\"valueRequired\":true,\"valueName\":\"search_term_string\"}}],\"inLanguage\":\"de-DE\"}]}<\/script>\n<!-- \/ Yoast SEO plugin. -->","yoast_head_json":{"title":"Dienstleistungen di Traslochi - Traslochi Roger&#039;s","robots":{"index":"noindex","follow":"follow"},"og_locale":"de_DE","og_type":"article","og_title":"Dienstleistungen di Traslochi - Traslochi Roger&#039;s","og_url":"https:\/\/www.traslochiroger.it\/de\/umzugsdienstleistungen-bozen-meran-brixen","og_site_name":"Traslochi Roger&#039;s","article_modified_time":"2025-01-21T21:18:51+00:00","twitter_card":"summary_large_image","twitter_misc":{"Gesch\u00e4tzte Lesezeit":"4 minutes"},"schema":{"@context":"https:\/\/schema.org","@graph":[{"@type":"WebPage","@id":"https:\/\/www.traslochiroger.it\/de\/umzugsdienstleistungen-bozen-meran-brixen","url":"https:\/\/www.traslochiroger.it\/de\/umzugsdienstleistungen-bozen-meran-brixen","name":"Dienstleistungen di Traslochi - Traslochi Roger&#039;s","isPartOf":{"@id":"https:\/\/www.traslochiroger.it\/#website"},"datePublished":"2024-11-10T09:01:48+00:00","dateModified":"2025-01-21T21:18:51+00:00","breadcrumb":{"@id":"https:\/\/www.traslochiroger.it\/de\/umzugsdienstleistungen-bozen-meran-brixen#breadcrumb"},"inLanguage":"de-DE","potentialAction":[{"@type":"ReadAction","target":["https:\/\/www.traslochiroger.it\/de\/umzugsdienstleistungen-bozen-meran-brixen"]}]},{"@type":"BreadcrumbList","@id":"https:\/\/www.traslochiroger.it\/de\/umzugsdienstleistungen-bozen-meran-brixen#breadcrumb","itemListElement":[{"@type":"ListItem","position":1,"name":"Home","item":"https:\/\/www.traslochiroger.it\/de"},{"@type":"ListItem","position":2,"name":"Dienstleistungen"}]},{"@type":"WebSite","@id":"https:\/\/www.traslochiroger.it\/#website","url":"https:\/\/www.traslochiroger.it\/","name":"Traslochi Roger&#039;s","description":"","potentialAction":[{"@type":"SearchAction","target":{"@type":"EntryPoint","urlTemplate":"https:\/\/www.traslochiroger.it\/?s={search_term_string}"},"query-input":{"@type":"PropertyValueSpecification","valueRequired":true,"valueName":"search_term_string"}}],"inLanguage":"de-DE"}]}},"_links":{"self":[{"href":"https:\/\/www.traslochiroger.it\/de\/wp-json\/wp\/v2\/pages\/2628","targetHints":{"allow":["GET"]}}],"collection":[{"href":"https:\/\/www.traslochiroger.it\/de\/wp-json\/wp\/v2\/pages"}],"about":[{"href":"https:\/\/www.traslochiroger.it\/de\/wp-json\/wp\/v2\/types\/page"}],"author":[{"embeddable":true,"href":"https:\/\/www.traslochiroger.it\/de\/wp-json\/wp\/v2\/users\/2"}],"replies":[{"embeddable":true,"href":"https:\/\/www.traslochiroger.it\/de\/wp-json\/wp\/v2\/comments?post=2628"}],"version-history":[{"count":2,"href":"https:\/\/www.traslochiroger.it\/de\/wp-json\/wp\/v2\/pages\/2628\/revisions"}],"predecessor-version":[{"id":2630,"href":"https:\/\/www.traslochiroger.it\/de\/wp-json\/wp\/v2\/pages\/2628\/revisions\/2630"}],"wp:attachment":[{"href":"https:\/\/www.traslochiroger.it\/de\/wp-json\/wp\/v2\/media?parent=2628"}],"curies":[{"name":"wp","href":"https:\/\/api.w.org\/{rel}","templated":true}]}}